{"id":1534,"date":"2020-09-30T06:51:10","date_gmt":"2020-09-30T04:51:10","guid":{"rendered":"https:\/\/ferien-brienzwiler.ch\/project\/aenderdorf\/"},"modified":"2025-04-30T09:52:31","modified_gmt":"2025-04-30T07:52:31","slug":"aenderdorf","status":"publish","type":"project","link":"https:\/\/ferien-brienzwiler.ch\/en\/project\/aenderdorf\/","title":{"rendered":"\u00c4nderdorf"},"content":{"rendered":"<p>[et_pb_section fb_built=&#8221;1&#8243; custom_padding_last_edited=&#8221;on|phone&#8221; module_class=&#8221;animate-frame&#8221; _builder_version=&#8221;4.16&#8243; background_enable_color=&#8221;off&#8221; background_image=&#8221;https:\/\/ferien-brienzwiler.ch\/wp-content\/uploads\/2020\/09\/Brienzwiler_24.1.jpg&#8221; height=&#8221;100vh&#8221; custom_padding=&#8221;0px||0px||false|false&#8221; custom_padding_tablet=&#8221;&#8221; custom_padding_phone=&#8221;30px||||false|false&#8221; custom_css_main_element=&#8221;display: flex;||flex-wrap: wrap;||flex-direction: column;||justify-content: center;||position: relative;&#8221; border_color_all=&#8221;rgba(0,0,0,0)&#8221; global_colors_info=&#8221;{}&#8221;][et_pb_row _builder_version=&#8221;4.16&#8243; width_tablet=&#8221;37%&#8221; width_phone=&#8221;&#8221; width_last_edited=&#8221;on|phone&#8221; custom_css_main_element=&#8221;position: absolute !important;||left: -30px;||top: 10px;&#8221; global_colors_info=&#8221;{}&#8221; custom_css_main_element_last_edited=&#8221;on|phone&#8221; custom_css_main_element_phone=&#8221;position: absolute !important;||left: -10px;||top: 10px;&#8221; custom_css_main_element__hover_enabled=&#8221;off|desktop&#8221; custom_css_main_element_tablet=&#8221;position: absolute !important;||left: -30px;||top: 10px;&#8221;][et_pb_column type=&#8221;4_4&#8243; _builder_version=&#8221;4.16&#8243; global_colors_info=&#8221;{}&#8221;][et_pb_button button_url=&#8221;#salzhaus&#8221; button_text=&#8221;to the virtual tour&#8221; disabled_on=&#8221;off|off|off&#8221; _builder_version=&#8221;4.16&#8243; custom_button=&#8221;on&#8221; button_text_size=&#8221;14px&#8221; button_text_color=&#8221;#ffffff&#8221; button_bg_color=&#8221;#3664d6&#8243; button_border_width=&#8221;0px&#8221; button_border_radius=&#8221;4px&#8221; button_letter_spacing=&#8221;3px&#8221; button_font=&#8221;|||on|||||&#8221; button_use_icon=&#8221;off&#8221; custom_margin=&#8221;||16px|-2px|false|false&#8221; custom_padding=&#8221;10px||10px|17px|true|false&#8221; button_text_size_tablet=&#8221;&#8221; button_text_size_phone=&#8221;13px&#8221; button_text_size_last_edited=&#8221;on|phone&#8221; box_shadow_style=&#8221;preset3&#8243; global_colors_info=&#8221;{}&#8221;][\/et_pb_button][et_pb_button button_url=&#8221;@ET-DC@eyJkeW5hbWljIjp0cnVlLCJjb250ZW50IjoicG9zdF9saW5rX3VybF9wYWdlIiwic2V0dGluZ3MiOnsicG9zdF9pZCI6Ijg2NSIsImVuYWJsZV9odG1sIjoib2ZmIn19@&#8221; button_text=&#8221;More about Brienzwiler&#8221; _builder_version=&#8221;4.16&#8243; _dynamic_attributes=&#8221;button_url&#8221; custom_button=&#8221;on&#8221; button_text_size=&#8221;14px&#8221; button_text_color=&#8221;#ffffff&#8221; button_bg_color=&#8221;#4a5260&#8243; button_border_width=&#8221;0px&#8221; button_border_radius=&#8221;4px&#8221; button_letter_spacing=&#8221;3px&#8221; button_font=&#8221;|||on|||||&#8221; button_use_icon=&#8221;off&#8221; custom_margin=&#8221;|||-2px|false|false&#8221; custom_padding=&#8221;10px||10px|17px|true|false&#8221; button_text_size_tablet=&#8221;&#8221; button_text_size_phone=&#8221;13px&#8221; button_text_size_last_edited=&#8221;on|phone&#8221; box_shadow_style=&#8221;preset3&#8243; global_colors_info=&#8221;{}&#8221;][\/et_pb_button][\/et_pb_column][\/et_pb_row][et_pb_row _builder_version=&#8221;4.16&#8243; custom_margin=&#8221;|auto||auto|false|false&#8221; custom_padding=&#8221;246px||||false|false&#8221; global_colors_info=&#8221;{}&#8221;][et_pb_column type=&#8221;4_4&#8243; _builder_version=&#8221;4.16&#8243; global_colors_info=&#8221;{}&#8221;][et_pb_text _builder_version=&#8221;4.16&#8243; text_orientation=&#8221;center&#8221; custom_margin=&#8221;-9px||2px|||&#8221; header_text_shadow_style=&#8221;preset1&#8243; header_text_shadow_horizontal_length=&#8221;0.02em&#8221; header_text_shadow_vertical_length=&#8221;0.01em&#8221; header_text_shadow_blur_strength=&#8221;0.19em&#8221; header_text_shadow_color=&#8221;rgba(0,0,0,0.9)&#8221; global_colors_info=&#8221;{}&#8221;]<\/p>\n<h1>Aenderdorf<\/h1>\n<p>[\/et_pb_text][\/et_pb_column][\/et_pb_row][et_pb_row _builder_version=&#8221;4.16&#8243; custom_margin=&#8221;|auto||auto|false|false&#8221; scroll_fade_enable=&#8221;on&#8221; scroll_fade=&#8221;0|31|31|59|100%|50%|0%&#8221; global_colors_info=&#8221;{}&#8221;][et_pb_column type=&#8221;4_4&#8243; _builder_version=&#8221;4.16&#8243; global_colors_info=&#8221;{}&#8221;][et_pb_code module_class=&#8221;fade-in&#8221; _builder_version=&#8221;4.16&#8243; text_orientation=&#8221;center&#8221; module_alignment=&#8221;left&#8221; global_colors_info=&#8221;{}&#8221;]<a href=\"#entdecken\"><!-- [et_pb_line_break_holder] --><span class=\"et-pb-icon\" style=\"font-size: 90px; color: #fff;\">3<\/span><!-- [et_pb_line_break_holder] --><\/a><!-- [et_pb_line_break_holder] -->[\/et_pb_code][\/et_pb_column][\/et_pb_row][\/et_pb_section][et_pb_section fb_built=&#8221;1&#8243; module_id=&#8221;salzhaus&#8221; _builder_version=&#8221;4.16&#8243; background_color=&#8221;#ffffff&#8221; custom_margin=&#8221;0px||-20px||false|false&#8221; custom_padding=&#8221;0px||0px||false|false&#8221; border_width_right=&#8221;30px&#8221; border_color_right=&#8221;#282a30&#8243; border_width_left=&#8221;30px&#8221; border_color_left=&#8221;#282a30&#8243; border_width_right_tablet=&#8221;&#8221; border_width_right_phone=&#8221;10px&#8221; border_width_right_last_edited=&#8221;on|phone&#8221; border_width_left_tablet=&#8221;&#8221; border_width_left_phone=&#8221;10px&#8221; border_width_left_last_edited=&#8221;on|desktop&#8221; global_colors_info=&#8221;{}&#8221;][et_pb_row custom_padding_last_edited=&#8221;on|phone&#8221; _builder_version=&#8221;4.16&#8243; width=&#8221;100%&#8221; width_tablet=&#8221;80%&#8221; width_phone=&#8221;75%&#8221; width_last_edited=&#8221;on|tablet&#8221; max_width=&#8221;100%&#8221; module_alignment=&#8221;center&#8221; custom_padding=&#8221;0px||||false|false&#8221; custom_padding_tablet=&#8221;||||false|false&#8221; custom_padding_phone=&#8221;&#8221; global_colors_info=&#8221;{}&#8221;][et_pb_column type=&#8221;4_4&#8243; _builder_version=&#8221;4.16&#8243; global_colors_info=&#8221;{}&#8221;][et_pb_text _builder_version=&#8221;4.16&#8243; custom_margin=&#8221;||-6px||false|false&#8221; custom_padding=&#8221;||0px||false|false&#8221; global_colors_info=&#8221;{}&#8221;]<iframe loading=\"lazy\" width=\"100%\" height=\"600\" src=\"https:\/\/my.matterport.com\/show\/?m=hLunj614S4b&amp;play=1\" frameborder=\"0\" allowfullscreen=\"\" allow=\"xr-spatial-tracking\"><\/iframe>[\/et_pb_text][\/et_pb_column][\/et_pb_row][\/et_pb_section][et_pb_section fb_built=&#8221;1&#8243; use_custom_gutter=&#8221;on&#8221; gutter_width=&#8221;1&#8243; specialty=&#8221;on&#8221; padding_top_2=&#8221;0px&#8221; padding_right_2=&#8221;0px&#8221; padding_bottom_2=&#8221;0px&#8221; padding_left_2=&#8221;0px&#8221; padding_top_bottom_link_2=&#8221;false&#8221; padding_left_right_link_2=&#8221;false&#8221; module_id=&#8221;pilgrim travelers&#8221; module_class=&#8221;mobile-reverse&#8221; _builder_version=&#8221;4.16&#8243; background_color=&#8221;#FFFFFF&#8221; inner_width=&#8221;100%&#8221; inner_max_width=&#8221;none&#8221; custom_padding=&#8221;0px|0px|0px|0px|false|false&#8221; border_width_right=&#8221;30px&#8221; border_color_right=&#8221;#282A30&#8243; border_width_left=&#8221;30px&#8221; border_color_left=&#8221;#282A30&#8243; border_width_right_tablet=&#8221;&#8221; border_width_right_phone=&#8221;10px&#8221; border_width_right_last_edited=&#8221;on|phone&#8221; border_width_left_tablet=&#8221;&#8221; border_width_left_phone=&#8221;10px&#8221; border_width_left_last_edited=&#8221;on|phone&#8221; global_colors_info=&#8221;{}&#8221;][et_pb_column type=&#8221;1_2&#8243; specialty_columns=&#8221;2&#8243; _builder_version=&#8221;4.16&#8243; custom_padding=&#8221;|||&#8221; global_colors_info=&#8221;{}&#8221; custom_padding__hover=&#8221;|||&#8221;][et_pb_row_inner _builder_version=&#8221;4.16&#8243; width=&#8221;60%&#8221; width_tablet=&#8221;80%&#8221; width_phone=&#8221;75%&#8221; width_last_edited=&#8221;on|phone&#8221; module_alignment=&#8221;center&#8221; custom_padding=&#8221;168px||||false|false&#8221; global_colors_info=&#8221;{}&#8221;][et_pb_column_inner saved_specialty_column_type=&#8221;1_2&#8243; _builder_version=&#8221;4.16&#8243; global_colors_info=&#8221;{}&#8221;][et_pb_text _builder_version=&#8221;4.16&#8243; header_2_font=&#8221;Source Sans Pro|700||on|||||&#8221; header_2_text_color=&#8221;#ffffff&#8221; header_3_font=&#8221;Source Sans Pro|700||on|||||&#8221; header_3_text_color=&#8221;#000000&#8243; header_3_font_size=&#8221;19px&#8221; header_3_letter_spacing=&#8221;6px&#8221; global_colors_info=&#8221;{}&#8221;]<\/p>\n<h3>Start of the Zwergliloch Trail<\/h3>\n<p>[\/et_pb_text][et_pb_text _builder_version=&#8221;4.27.4&#8243; text_text_color=&#8221;#000000&#8243; background_layout=&#8221;dark&#8221; custom_margin=&#8221;53px||2px|||&#8221; global_colors_info=&#8221;{}&#8221;]<\/p>\n<p class=\"p1\">The circular trail to Zwergliloch is a varied hike around Brienzwiler. Duration is approximately 1 hour. <\/p>\n<p class=\"p1\"><b>NOT SUITABLE FOR PEOPLE WITH MOBILITY IMPAIRMENTS AND SMALL CHILDREN<\/b><\/p>\n<p>[\/et_pb_text][et_pb_button button_url=&#8221;https:\/\/ferien-brienzwiler.ch\/wp-content\/uploads\/2022\/09\/zwergliloch_final.pdf&#8221; url_new_window=&#8221;on&#8221; button_text=&#8221;Zwergliloch circular trail&#8221; _builder_version=&#8221;4.16&#8243; custom_button=&#8221;on&#8221; button_text_size=&#8221;14px&#8221; button_text_color=&#8221;#FFFFFF&#8221; button_bg_color=&#8221;#3664d6&#8243; button_border_width=&#8221;0px&#8221; button_letter_spacing=&#8221;4px&#8221; button_font=&#8221;Source Sans Pro|||on|||||&#8221; button_use_icon=&#8221;off&#8221; custom_margin=&#8221;87px||50px|0px|false|false&#8221; custom_padding=&#8221;5px|25px|5px|25px|false|false&#8221; global_colors_info=&#8221;{}&#8221;][\/et_pb_button][\/et_pb_column_inner][\/et_pb_row_inner][\/et_pb_column][et_pb_column type=&#8221;1_2&#8243; _builder_version=&#8221;4.16&#8243; custom_padding=&#8221;|||&#8221; global_colors_info=&#8221;{}&#8221; custom_padding__hover=&#8221;|||&#8221;][et_pb_image src=&#8221;https:\/\/ferien-brienzwiler.ch\/wp-content\/uploads\/2022\/05\/FLeckenbau-scaled.jpg&#8221; title_text=&#8221;FLeckenbau&#8221; _builder_version=&#8221;4.16&#8243; _module_preset=&#8221;default&#8221; global_colors_info=&#8221;{}&#8221;][\/et_pb_image][\/et_pb_column][\/et_pb_section][et_pb_section fb_built=&#8221;1&#8243; make_equal=&#8221;on&#8221; use_custom_gutter=&#8221;on&#8221; gutter_width=&#8221;1&#8243; specialty=&#8221;on&#8221; padding_top_1=&#8221;0px&#8221; padding_right_1=&#8221;0px&#8221; padding_bottom_1=&#8221;0px&#8221; padding_left_1=&#8221;0px&#8221; padding_top_bottom_link_1=&#8221;false&#8221; padding_left_right_link_1=&#8221;false&#8221; module_id=&#8221;stagecoach&#8221; _builder_version=&#8221;4.16&#8243; background_color=&#8221;#efe8d8&#8243; inner_width=&#8221;100%&#8221; inner_max_width=&#8221;none&#8221; custom_padding=&#8221;0px|0px|0px|0px|false|false&#8221; border_width_right=&#8221;30px&#8221; border_color_right=&#8221;#282A30&#8243; border_width_left=&#8221;30px&#8221; border_color_left=&#8221;#282A30&#8243; border_width_right_tablet=&#8221;&#8221; border_width_right_phone=&#8221;10px&#8221; border_width_right_last_edited=&#8221;on|phone&#8221; border_width_left_tablet=&#8221;&#8221; border_width_left_phone=&#8221;10px&#8221; border_width_left_last_edited=&#8221;on|phone&#8221; global_colors_info=&#8221;{}&#8221;][et_pb_column type=&#8221;1_2&#8243; _builder_version=&#8221;4.16&#8243; custom_padding=&#8221;|||&#8221; global_colors_info=&#8221;{}&#8221; custom_padding__hover=&#8221;|||&#8221;][et_pb_slider _builder_version=&#8221;4.16&#8243; background_enable_image=&#8221;off&#8221; min_height=&#8221;587px&#8221; min_height_tablet=&#8221;501px&#8221; min_height_phone=&#8221;355px&#8221; min_height_last_edited=&#8221;on|tablet&#8221; custom_css_before=&#8221;content: %22%22;||display: block;||position: absolute;||top: 20px;||right: 20px;||left: 20px;||bottom: 20px;||z-index: 3;&#8221; custom_css_main_element=&#8221;position: relative;&#8221; global_colors_info=&#8221;{}&#8221;][et_pb_slide _builder_version=&#8221;4.16&#8243; background_enable_color=&#8221;off&#8221; background_image=&#8221;https:\/\/ferien-brienzwiler.ch\/wp-content\/uploads\/2022\/05\/mit-der-Postkutsche-ueber-den-Bruenig-1.jpg&#8221; background_enable_image=&#8221;on&#8221; global_colors_info=&#8221;{}&#8221; sticky_transition=&#8221;on&#8221;][\/et_pb_slide][\/et_pb_slider][\/et_pb_column][et_pb_column type=&#8221;1_2&#8243; specialty_columns=&#8221;2&#8243; _builder_version=&#8221;4.16&#8243; custom_padding=&#8221;|||&#8221; global_colors_info=&#8221;{}&#8221; custom_padding__hover=&#8221;|||&#8221;][et_pb_row_inner _builder_version=&#8221;4.16&#8243; width=&#8221;60%&#8221; width_tablet=&#8221;80%&#8221; width_phone=&#8221;75%&#8221; width_last_edited=&#8221;on|phone&#8221; module_alignment=&#8221;center&#8221; custom_padding=&#8221;60px||38px||false|false&#8221; global_colors_info=&#8221;{}&#8221;][et_pb_column_inner saved_specialty_column_type=&#8221;1_2&#8243; _builder_version=&#8221;4.16&#8243; global_colors_info=&#8221;{}&#8221;][et_pb_text _builder_version=&#8221;4.16&#8243; header_text_color=&#8221;#000000&#8243; header_2_font=&#8221;Source Sans Pro|700||on|||||&#8221; header_2_text_color=&#8221;#000000&#8243; global_colors_info=&#8221;{}&#8221;]<\/p>\n<h2>By Stagecoach over the Br\u00fcnig<\/h2>\n<p>[\/et_pb_text][et_pb_text _builder_version=&#8221;4.27.4&#8243; text_text_color=&#8221;#000000&#8243; background_layout=&#8221;dark&#8221; custom_margin=&#8221;30px|||||&#8221; global_colors_info=&#8221;{}&#8221;]<\/p>\n<p>The Br\u00fcnig Pass road has likely existed since the early Middle Ages. At that time, Brienzwiler was still known as \u201cWyler am Br\u00fcnig.\u201d The trade relationship between Central Switzerland and the Bernese Oberland is mentioned. Goods were initially transported by packhorses and later by stagecoach from Alpnach to Brienz, and from there by boat to Interlaken.<\/p>\n<p>&nbsp;<\/p>\n<p>Until the 19th century, the main thoroughfare, which came from Brienz and Hofstetten via \u201cSchloss,\u201d ran right through the village. Before the road ascended again towards the Br\u00fcnig, horses for the carriages were changed in the Aenderdorf.<\/p>\n<p>&nbsp;<\/p>\n<p>Consequently, until the construction of the newer Br\u00fcnig road, the post office was also located here. Some buildings that are still preserved today served at that time as stables, inns, or hotels.<\/p>\n<p>[\/et_pb_text][et_pb_button button_url=&#8221;https:\/\/ferien-brienzwiler.ch\/wp-content\/uploads\/2020\/10\/PDF_extract.pdf&#8221; url_new_window=&#8221;on&#8221; button_text=&#8221;More Information&#8221; _builder_version=&#8221;4.27.4&#8243; custom_button=&#8221;on&#8221; button_text_size=&#8221;14px&#8221; button_text_color=&#8221;#FFFFFF&#8221; button_bg_color=&#8221;#3664d6&#8243; button_border_width=&#8221;0px&#8221; button_letter_spacing=&#8221;4px&#8221; button_font=&#8221;Source Sans Pro|||on|||||&#8221; button_use_icon=&#8221;off&#8221; custom_margin=&#8221;23px||50px|0px|false|false&#8221; custom_padding=&#8221;5px|25px|5px|25px|false|false&#8221; hover_enabled=&#8221;0&#8243; global_colors_info=&#8221;{}&#8221; sticky_enabled=&#8221;0&#8243;][\/et_pb_button][\/et_pb_column_inner][\/et_pb_row_inner][\/et_pb_column][\/et_pb_section][et_pb_section fb_built=&#8221;1&#8243; use_custom_gutter=&#8221;on&#8221; gutter_width=&#8221;1&#8243; specialty=&#8221;on&#8221; padding_top_2=&#8221;0px&#8221; padding_right_2=&#8221;0px&#8221; padding_bottom_2=&#8221;0px&#8221; padding_left_2=&#8221;0px&#8221; padding_top_bottom_link_2=&#8221;false&#8221; padding_left_right_link_2=&#8221;false&#8221; module_id=&#8221;pilgrim travelers&#8221; module_class=&#8221;mobile-reverse&#8221; _builder_version=&#8221;4.16&#8243; background_color=&#8221;#FFFFFF&#8221; inner_width=&#8221;100%&#8221; inner_max_width=&#8221;none&#8221; custom_padding=&#8221;0px|0px|0px|0px|false|false&#8221; border_width_right=&#8221;30px&#8221; border_color_right=&#8221;#282A30&#8243; border_width_left=&#8221;30px&#8221; border_color_left=&#8221;#282A30&#8243; border_width_right_tablet=&#8221;&#8221; border_width_right_phone=&#8221;10px&#8221; border_width_right_last_edited=&#8221;on|phone&#8221; border_width_left_tablet=&#8221;&#8221; border_width_left_phone=&#8221;10px&#8221; border_width_left_last_edited=&#8221;on|phone&#8221; global_colors_info=&#8221;{}&#8221;][et_pb_column type=&#8221;1_2&#8243; specialty_columns=&#8221;2&#8243; _builder_version=&#8221;4.16&#8243; custom_padding=&#8221;|||&#8221; global_colors_info=&#8221;{}&#8221; custom_padding__hover=&#8221;|||&#8221;][et_pb_row_inner _builder_version=&#8221;4.16&#8243; width=&#8221;60%&#8221; width_tablet=&#8221;80%&#8221; width_phone=&#8221;75%&#8221; width_last_edited=&#8221;on|phone&#8221; module_alignment=&#8221;center&#8221; custom_padding=&#8221;168px||||false|false&#8221; global_colors_info=&#8221;{}&#8221;][et_pb_column_inner saved_specialty_column_type=&#8221;1_2&#8243; _builder_version=&#8221;4.16&#8243; global_colors_info=&#8221;{}&#8221;][et_pb_text _builder_version=&#8221;4.16&#8243; header_2_font=&#8221;Source Sans Pro|700||on|||||&#8221; header_2_text_color=&#8221;#ffffff&#8221; header_3_font=&#8221;Source Sans Pro|700||on|||||&#8221; header_3_text_color=&#8221;#000000&#8243; header_3_font_size=&#8221;19px&#8221; header_3_letter_spacing=&#8221;6px&#8221; global_colors_info=&#8221;{}&#8221;]<\/p>\n<h3><b>Pilgrims and Travelers \u2013 The Development of Tourism<\/b><\/h3>\n<p>[\/et_pb_text][et_pb_text _builder_version=&#8221;4.27.4&#8243; text_text_color=&#8221;#000000&#8243; background_layout=&#8221;dark&#8221; custom_margin=&#8221;53px||2px|||&#8221; global_colors_info=&#8221;{}&#8221;]<\/p>\n<p class=\"p1\">In the Middle Ages (at least until the Reformation), pilgrims also crossed the Br\u00fcnig. Even today, the pilgrim hostel in Brienzwiler is used as a stopover on the Camino de Santiago. One can only imagine how greatly a simple accommodation was appreciated after a strenuous passage over the pass in earlier times.<\/p>\n<p class=\"p1\">Historically, there has always been a lively exchange of goods between Central Switzerland, the Bernese Oberland, and the southern side of the Alps. A variety of trade goods were transported north and south. In the old Confederation, a few assemblies took place in Kienholz (Brienz), facilitating a certain political exchange between Central Switzerland and Bern on this route. Allegedly, the legendary Brother Klaus, who served the then Canton of Obwalden, also passed through Brienzwiler.<\/p>\n<p class=\"p1\">In the 19th century, tourism in the Bernese Oberland gained increasing importance. As traveling was still arduous at that time, it can be assumed that the inns in Brienzwiler were often used as accommodation before crossing the pass. The Br\u00fcnig road, especially the prominent rock at Balmi, became a popular motif for postcards and travel reports. So the famous American author Mark Twain described the journey over the Br\u00fcnig in a horse-drawn carriage in his work &#8220;A Tramp Abroad&#8221; from 1880 with the following words:<\/p>\n<p>[\/et_pb_text][et_pb_button button_url=&#8221;https:\/\/en.wikisource.org\/wiki\/A_Tramp_Abroad\/XXXI&#8221; url_new_window=&#8221;on&#8221; button_text=&#8221;To the Travel Report&#8221; _builder_version=&#8221;4.23.1&#8243; custom_button=&#8221;on&#8221; button_text_size=&#8221;14px&#8221; button_text_color=&#8221;#FFFFFF&#8221; button_bg_color=&#8221;#3664d6&#8243; button_border_width=&#8221;0px&#8221; button_letter_spacing=&#8221;4px&#8221; button_font=&#8221;Source Sans Pro|||on|||||&#8221; button_use_icon=&#8221;off&#8221; custom_margin=&#8221;87px||6px|0px|false|false&#8221; custom_padding=&#8221;5px|25px|5px|25px|false|false&#8221; global_colors_info=&#8221;{}&#8221;][\/et_pb_button][et_pb_blurb _builder_version=&#8221;4.23.1&#8243; _module_preset=&#8221;default&#8221; global_colors_info=&#8221;{}&#8221;]<\/p>\n<p>Source: Wikisource<\/p>\n<p>[\/et_pb_blurb][et_pb_text _builder_version=&#8221;4.16&#8243; text_text_color=&#8221;#000000&#8243; background_layout=&#8221;dark&#8221; custom_margin=&#8221;53px||2px|||&#8221; global_colors_info=&#8221;{}&#8221;]<\/p>\n<p>With the inauguration of the Br\u00fcnig Railway on June 13, 1888, the era of the stagecoach came to an end. Most goods and tourists were then transported by rail. Today, the well-developed road is mainly used for private and commercial traffic and serves as the most important connection between the Oberland and Central Switzerland.  <\/p>\n<p>[\/et_pb_text][\/et_pb_column_inner][\/et_pb_row_inner][\/et_pb_column][et_pb_column type=&#8221;1_2&#8243; _builder_version=&#8221;4.16&#8243; custom_padding=&#8221;|||&#8221; global_colors_info=&#8221;{}&#8221; custom_padding__hover=&#8221;|||&#8221;][et_pb_image src=&#8221;https:\/\/ferien-brienzwiler.ch\/wp-content\/uploads\/2020\/10\/12_6026_Oltschibachfall_Night_bydavidbirri_by.jpg&#8221; title_text=&#8221;12_6026_Oltschibachfall_Night_bydavidbirri_by&#8221; force_fullwidth=&#8221;on&#8221; _builder_version=&#8221;4.16&#8243; custom_css_before=&#8221;content: %22%22;||display: block;||position: absolute;||top: 20px;||right: 20px;||left: 20px;||bottom: 20px;||z-index: 3;&#8221; global_colors_info=&#8221;{}&#8221;][\/et_pb_image][\/et_pb_column][\/et_pb_section][et_pb_section fb_built=&#8221;1&#8243; make_equal=&#8221;on&#8221; use_custom_gutter=&#8221;on&#8221; gutter_width=&#8221;1&#8243; specialty=&#8221;on&#8221; padding_top_1=&#8221;0px&#8221; padding_right_1=&#8221;0px&#8221; padding_bottom_1=&#8221;0px&#8221; padding_left_1=&#8221;0px&#8221; padding_top_bottom_link_1=&#8221;false&#8221; padding_left_right_link_1=&#8221;false&#8221; module_id=&#8221;traffic axis&#8221; _builder_version=&#8221;4.16&#8243; background_color=&#8221;#efe8d8&#8243; inner_width=&#8221;100%&#8221; inner_max_width=&#8221;none&#8221; custom_padding=&#8221;0px|0px|0px|0px|false|false&#8221; border_width_right=&#8221;30px&#8221; border_color_right=&#8221;#282A30&#8243; border_width_left=&#8221;30px&#8221; border_color_left=&#8221;#282A30&#8243; border_width_right_tablet=&#8221;&#8221; border_width_right_phone=&#8221;10px&#8221; border_width_right_last_edited=&#8221;on|phone&#8221; border_width_left_tablet=&#8221;&#8221; border_width_left_phone=&#8221;10px&#8221; border_width_left_last_edited=&#8221;on|phone&#8221; global_colors_info=&#8221;{}&#8221;][et_pb_column type=&#8221;1_2&#8243; _builder_version=&#8221;4.16&#8243; custom_padding=&#8221;|||&#8221; global_colors_info=&#8221;{}&#8221; custom_padding__hover=&#8221;|||&#8221;][et_pb_image src=&#8221;https:\/\/ferien-brienzwiler.ch\/wp-content\/uploads\/2022\/05\/Bruenipassstrasse-beim-Balmi-mit-unbegradigter-Aare-1.jpg&#8221; title_text=&#8221;Br\u00fcnipassstrasse beim Balmi mit unbegradigter Aare (1)&#8221; _builder_version=&#8221;4.16&#8243; _module_preset=&#8221;default&#8221; global_colors_info=&#8221;{}&#8221;][\/et_pb_image][\/et_pb_column][et_pb_column type=&#8221;1_2&#8243; specialty_columns=&#8221;2&#8243; _builder_version=&#8221;4.16&#8243; custom_padding=&#8221;|||&#8221; global_colors_info=&#8221;{}&#8221; custom_padding__hover=&#8221;|||&#8221;][et_pb_row_inner _builder_version=&#8221;4.16&#8243; width=&#8221;60%&#8221; width_tablet=&#8221;80%&#8221; width_phone=&#8221;75%&#8221; width_last_edited=&#8221;on|phone&#8221; module_alignment=&#8221;center&#8221; custom_padding=&#8221;60px||30px||false|false&#8221; global_colors_info=&#8221;{}&#8221;][et_pb_column_inner saved_specialty_column_type=&#8221;1_2&#8243; _builder_version=&#8221;4.16&#8243; global_colors_info=&#8221;{}&#8221;][et_pb_text _builder_version=&#8221;4.16&#8243; header_2_font=&#8221;Source Sans Pro|700||on|||||&#8221; header_2_text_color=&#8221;#ffffff&#8221; header_3_font=&#8221;Source Sans Pro|700||on|||||&#8221; header_3_text_color=&#8221;#000000&#8243; header_3_font_size=&#8221;19px&#8221; header_3_letter_spacing=&#8221;6px&#8221; global_colors_info=&#8221;{}&#8221;]<\/p>\n<h3><b>Transport Axis over the Br\u00fcnig Pass &amp; Tourism<\/b><\/h3>\n<p>[\/et_pb_text][et_pb_text _builder_version=&#8221;4.27.4&#8243; text_text_color=&#8221;#000000&#8243; background_layout=&#8221;dark&#8221; custom_margin=&#8221;30px|||||&#8221; global_colors_info=&#8221;{}&#8221;]<\/p>\n<p class=\"p1\">The original road that led from Hofstetten through the castle to Brienzwiler is already mentioned in the oldest records. At some point in the course of the 19th century, the main traffic route no longer passed through the narrow streets of the Aenderdorf. The Br\u00fcnigstrasse, which bypasses the village center of Brienzwiler, was built in the second half of the 19th century. On July 6, 1995, the bypass tunnel (Soliwald Tunnel) was opened. Since then, the main traffic no longer flows through the village, which has brought significant tranquility to Brienzwiler as a residential area.    <\/p>\n<p class=\"p2\">\n<p class=\"p1\">Today, Brienzwiler is primarily known for its proximity to the Swiss Open-Air Museum Ballenberg. The original, ornately carved wooden church of Brienzwiler is located directly next to the eastern entrance of the Ballenberg Museum. Here, you can also find the M\u00e4rith\u00fcsli, where popular Jenny shirts and simple catering options are available.  <\/p>\n<p>[\/et_pb_text][\/et_pb_column_inner][\/et_pb_row_inner][\/et_pb_column][\/et_pb_section][et_pb_section fb_built=&#8221;1&#8243; module_id=&#8221;postkarte&#8221; _builder_version=&#8221;4.16&#8243; background_color=&#8221;#FFFFFF&#8221; custom_padding=&#8221;97px||0px|||&#8221; border_width_right=&#8221;30px&#8221; border_color_right=&#8221;#282a30&#8243; border_width_left=&#8221;30px&#8221; border_color_left=&#8221;#282a30&#8243; global_colors_info=&#8221;{}&#8221;][et_pb_row _builder_version=&#8221;4.16&#8243; width=&#8221;100%&#8221; max_width=&#8221;none&#8221; custom_padding=&#8221;||||false|false&#8221; global_colors_info=&#8221;{}&#8221;][et_pb_column type=&#8221;4_4&#8243; _builder_version=&#8221;4.16&#8243; global_colors_info=&#8221;{}&#8221;][et_pb_text _builder_version=&#8221;4.27.4&#8243; header_2_font=&#8221;Source Sans Pro|700||on|||||&#8221; header_2_text_color=&#8221;#000000&#8243; custom_padding=&#8221;|||21px|false|false&#8221; global_colors_info=&#8221;{}&#8221;]<\/p>\n<h2>Picture archive (old postcards, photos and illustrations)<\/h2>\n<p>[\/et_pb_text][et_pb_slider arrows_custom_color=&#8221;#e09900&#8243; dot_nav_custom_color=&#8221;#e09900&#8243; _builder_version=&#8221;4.16&#8243; background_enable_image=&#8221;off&#8221; min_height=&#8221;587px&#8221; min_height_tablet=&#8221;501px&#8221; min_height_phone=&#8221;355px&#8221; min_height_last_edited=&#8221;on|tablet&#8221; custom_padding=&#8221;695px||16%||false|false&#8221; custom_css_before=&#8221;content: %22%22;||display: block;||position: absolute;||top: 20px;||right: 20px;||left: 20px;||bottom: 20px;||z-index: 3;&#8221; custom_css_main_element=&#8221;position: relative;&#8221; global_colors_info=&#8221;{}&#8221;][et_pb_slide _builder_version=&#8221;4.16&#8243; background_enable_color=&#8221;off&#8221; background_image=&#8221;https:\/\/ferien-brienzwiler.ch\/wp-content\/uploads\/2020\/09\/Brienzwiler_17.1_Dorfmusik_B\u00e4ren.jpg&#8221; background_enable_image=&#8221;on&#8221; global_colors_info=&#8221;{}&#8221; sticky_transition=&#8221;on&#8221;][\/et_pb_slide][et_pb_slide _builder_version=&#8221;4.16&#8243; background_enable_color=&#8221;off&#8221; background_image=&#8221;https:\/\/ferien-brienzwiler.ch\/wp-content\/uploads\/2020\/09\/Brienzwiler_18.1_Dorfmusik.jpg&#8221; background_enable_image=&#8221;on&#8221; global_colors_info=&#8221;{}&#8221; sticky_transition=&#8221;on&#8221;][\/et_pb_slide][et_pb_slide _builder_version=&#8221;4.16&#8243; background_enable_color=&#8221;off&#8221; background_image=&#8221;https:\/\/ferien-brienzwiler.ch\/wp-content\/uploads\/2020\/09\/Brienzwiler_19.1_Dorfmusik.jpg&#8221; background_enable_image=&#8221;on&#8221; global_colors_info=&#8221;{}&#8221; sticky_transition=&#8221;on&#8221;][\/et_pb_slide][et_pb_slide _builder_version=&#8221;4.16&#8243; background_enable_color=&#8221;off&#8221; background_image=&#8221;https:\/\/ferien-brienzwiler.ch\/wp-content\/uploads\/2020\/09\/Brienzwiler_21.1.jpg&#8221; background_enable_image=&#8221;on&#8221; global_colors_info=&#8221;{}&#8221; sticky_transition=&#8221;on&#8221;][\/et_pb_slide][et_pb_slide _builder_version=&#8221;4.16&#8243; background_enable_color=&#8221;off&#8221; background_image=&#8221;https:\/\/ferien-brienzwiler.ch\/wp-content\/uploads\/2020\/09\/Brienzwiler_22.1.jpg&#8221; background_enable_image=&#8221;on&#8221; global_colors_info=&#8221;{}&#8221; sticky_transition=&#8221;on&#8221;][\/et_pb_slide][et_pb_slide _builder_version=&#8221;4.16&#8243; background_enable_color=&#8221;off&#8221; background_image=&#8221;https:\/\/ferien-brienzwiler.ch\/wp-content\/uploads\/2020\/09\/Brienzwiler_35.1.jpg&#8221; background_enable_image=&#8221;on&#8221; global_colors_info=&#8221;{}&#8221; sticky_transition=&#8221;on&#8221;][\/et_pb_slide][et_pb_slide _builder_version=&#8221;4.16&#8243; background_enable_color=&#8221;off&#8221; background_image=&#8221;https:\/\/ferien-brienzwiler.ch\/wp-content\/uploads\/2020\/09\/Brienzwiler_36.1.jpg&#8221; background_enable_image=&#8221;on&#8221; global_colors_info=&#8221;{}&#8221; sticky_transition=&#8221;on&#8221;][\/et_pb_slide][et_pb_slide _builder_version=&#8221;4.16&#8243; background_enable_color=&#8221;off&#8221; background_image=&#8221;https:\/\/ferien-brienzwiler.ch\/wp-content\/uploads\/2020\/09\/Brienzwiler_40.1_B\u00e4ren.jpg&#8221; background_enable_image=&#8221;on&#8221; global_colors_info=&#8221;{}&#8221; sticky_transition=&#8221;on&#8221;][\/et_pb_slide][et_pb_slide _builder_version=&#8221;4.16&#8243; background_enable_color=&#8221;off&#8221; background_image=&#8221;https:\/\/ferien-brienzwiler.ch\/wp-content\/uploads\/2020\/09\/Brienzwiler_43.1.jpg&#8221; background_enable_image=&#8221;on&#8221; global_colors_info=&#8221;{}&#8221; sticky_transition=&#8221;on&#8221;][\/et_pb_slide][et_pb_slide _builder_version=&#8221;4.16&#8243; background_enable_color=&#8221;off&#8221; background_image=&#8221;https:\/\/ferien-brienzwiler.ch\/wp-content\/uploads\/2020\/09\/Brienzwiler_44_Oltschibach.jpg&#8221; background_enable_image=&#8221;on&#8221; global_colors_info=&#8221;{}&#8221; sticky_transition=&#8221;on&#8221;][\/et_pb_slide][et_pb_slide _builder_version=&#8221;4.16&#8243; background_enable_color=&#8221;off&#8221; background_image=&#8221;https:\/\/ferien-brienzwiler.ch\/wp-content\/uploads\/2020\/09\/Brienzwiler_53-1.jpg&#8221; background_enable_image=&#8221;on&#8221; global_colors_info=&#8221;{}&#8221; sticky_transition=&#8221;on&#8221;][\/et_pb_slide][et_pb_slide _builder_version=&#8221;4.16&#8243; background_enable_color=&#8221;off&#8221; background_image=&#8221;https:\/\/ferien-brienzwiler.ch\/wp-content\/uploads\/2021\/09\/Brienzwiler_60-komp.jpg&#8221; background_enable_image=&#8221;on&#8221; global_colors_info=&#8221;{}&#8221; sticky_transition=&#8221;on&#8221;][\/et_pb_slide][et_pb_slide _builder_version=&#8221;4.16&#8243; background_enable_color=&#8221;off&#8221; background_image=&#8221;https:\/\/ferien-brienzwiler.ch\/wp-content\/uploads\/2021\/09\/AA_IV_Oberhasli_5-komp.jpg&#8221; background_enable_image=&#8221;on&#8221; global_colors_info=&#8221;{}&#8221; sticky_transition=&#8221;on&#8221;][\/et_pb_slide][et_pb_slide _builder_version=&#8221;4.16&#8243; background_enable_color=&#8221;off&#8221; background_image=&#8221;https:\/\/ferien-brienzwiler.ch\/wp-content\/uploads\/2021\/09\/Brienzwiler_58_3-Komp-scaled.jpg&#8221; background_enable_image=&#8221;on&#8221; global_colors_info=&#8221;{}&#8221; sticky_transition=&#8221;on&#8221;][\/et_pb_slide][\/et_pb_slider][\/et_pb_column][\/et_pb_row][\/et_pb_section][et_pb_section fb_built=&#8221;1&#8243; custom_padding_last_edited=&#8221;on|phone&#8221; _builder_version=&#8221;4.16&#8243; background_color=&#8221;#efe8d8&#8243; custom_margin=&#8221;||-20px||false|false&#8221; custom_padding=&#8221;0px||100px||false|false&#8221; custom_padding_tablet=&#8221;&#8221; custom_padding_phone=&#8221;30px||||false|false&#8221; custom_css_main_element=&#8221;border-bottom&#8221; border_color_top=&#8221;#333333&#8243; border_width_right=&#8221;30px&#8221; border_width_left=&#8221;30px&#8221; border_color_left=&#8221;#333333&#8243; border_width_top_tablet=&#8221;&#8221; border_width_top_phone=&#8221;0px&#8221; border_width_top_last_edited=&#8221;on|phone&#8221; border_width_right_tablet=&#8221;&#8221; border_width_right_phone=&#8221;10px&#8221; border_width_right_last_edited=&#8221;on|phone&#8221; border_width_left_tablet=&#8221;&#8221; border_width_left_phone=&#8221;10px&#8221; border_width_left_last_edited=&#8221;on|phone&#8221; global_colors_info=&#8221;{}&#8221;][et_pb_row column_structure=&#8221;1_2,1_2&#8243; _builder_version=&#8221;4.16&#8243; width=&#8221;60%&#8221; width_tablet=&#8221;80%&#8221; width_phone=&#8221;75%&#8221; width_last_edited=&#8221;on|phone&#8221; module_alignment=&#8221;center&#8221; custom_margin=&#8221;||||false|false&#8221; custom_padding=&#8221;100px||||false|false&#8221; global_colors_info=&#8221;{}&#8221;][et_pb_column type=&#8221;1_2&#8243; _builder_version=&#8221;4.16&#8243; global_colors_info=&#8221;{}&#8221;][et_pb_text _builder_version=&#8221;4.16&#8243; header_2_font=&#8221;Source Sans Pro|700||on|||||&#8221; header_2_text_color=&#8221;#333333&#8243; header_3_font=&#8221;|||on|||||&#8221; header_3_letter_spacing=&#8221;3px&#8221; background_layout=&#8221;dark&#8221; custom_margin=&#8221;||0px|||&#8221; global_colors_info=&#8221;{}&#8221;]<\/p>\n<h2>Locations of the Virtual Tour<\/h2>\n<p>[\/et_pb_text][et_pb_code _builder_version=&#8221;4.16&#8243; global_colors_info=&#8221;{}&#8221;]<\/p>\n<style><!-- [et_pb_line_break_holder] -->\/* Die Breite des mobilen breakpoint von Divi selber setzen *\/<!-- [et_pb_line_break_holder] -->@media only screen and (max-width: 2500px) {<!-- [et_pb_line_break_holder] -->    .et_pb_menu .et_pb_menu__menu {<!-- [et_pb_line_break_holder] -->        display: none;<!-- [et_pb_line_break_holder] -->    }<!-- [et_pb_line_break_holder] -->    .et_mobile_nav_menu {<!-- [et_pb_line_break_holder] -->        display: block<!-- [et_pb_line_break_holder] -->    }<!-- [et_pb_line_break_holder] -->}<!-- [et_pb_line_break_holder] --><\/style>\n<p>[\/et_pb_code][\/et_pb_column][et_pb_column type=&#8221;1_2&#8243; _builder_version=&#8221;4.16&#8243; global_colors_info=&#8221;{}&#8221;][et_pb_button button_url=&#8221;https:\/\/hls-dhs-dss.ch\/de\/articles\/014041\/2020-03-12\/&#8221; url_new_window=&#8221;on&#8221; button_text=&#8221;All locations at a glance&#8221; button_alignment=&#8221;right&#8221; disabled_on=&#8221;on|on|on&#8221; module_class=&#8221;allestandorte&#8221; _builder_version=&#8221;4.23.1&#8243; custom_button=&#8221;on&#8221; button_text_size=&#8221;14px&#8221; button_text_color=&#8221;#ffffff&#8221; button_bg_color=&#8221;#3664d6&#8243; button_border_width=&#8221;0px&#8221; button_letter_spacing=&#8221;4px&#8221; button_font=&#8221;Source Sans Pro|||on|||||&#8221; button_use_icon=&#8221;off&#8221; custom_margin=&#8221;23px||50px|0px|false|false&#8221; custom_padding=&#8221;5px|25px|5px|25px|false|false&#8221; disabled=&#8221;on&#8221; global_colors_info=&#8221;{}&#8221;][\/et_pb_button][\/et_pb_column][\/et_pb_row][et_pb_row _builder_version=&#8221;4.16&#8243; width=&#8221;60%&#8221; width_tablet=&#8221;80%&#8221; width_phone=&#8221;75%&#8221; width_last_edited=&#8221;on|phone&#8221; module_alignment=&#8221;center&#8221; custom_margin=&#8221;||||false|false&#8221; custom_padding=&#8221;55px||||false|false&#8221; global_colors_info=&#8221;{}&#8221;][et_pb_column type=&#8221;4_4&#8243; _builder_version=&#8221;4.16&#8243; global_colors_info=&#8221;{}&#8221;][et_pb_blog fullwidth=&#8221;off&#8221; post_type=&#8221;project&#8221; posts_number=&#8221;none&#8221; show_author=&#8221;off&#8221; show_date=&#8221;off&#8221; show_excerpt=&#8221;off&#8221; show_pagination=&#8221;off&#8221; masonry_tile_background_color=&#8221;#282a30&#8243; _builder_version=&#8221;4.16&#8243; header_font=&#8221;Source Sans Pro|||on|||||&#8221; header_text_color=&#8221;#ffffff&#8221; header_letter_spacing=&#8221;5px&#8221; border_width_all=&#8221;0px&#8221; border_width_all_image=&#8221;8px&#8221; border_color_all_image=&#8221;#282A30&#8243; box_shadow_style=&#8221;preset3&#8243; global_colors_info=&#8221;{}&#8221;][\/et_pb_blog][et_pb_code _builder_version=&#8221;4.16&#8243; global_colors_info=&#8221;{}&#8221;]<\/p>\n<style><!-- [et_pb_line_break_holder] -->\/* Die Breite des mobilen breakpoint von Divi selber setzen *\/<!-- [et_pb_line_break_holder] -->@media only screen and (max-width: 2500px) {<!-- [et_pb_line_break_holder] -->    .et_pb_menu .et_pb_menu__menu {<!-- [et_pb_line_break_holder] -->        display: none;<!-- [et_pb_line_break_holder] -->    }<!-- [et_pb_line_break_holder] -->    .et_mobile_nav_menu {<!-- [et_pb_line_break_holder] -->        display: block<!-- [et_pb_line_break_holder] -->    }<!-- [et_pb_line_break_holder] -->}<!-- [et_pb_line_break_holder] --><\/style>\n<p>[\/et_pb_code][\/et_pb_column][\/et_pb_row][\/et_pb_section]<\/p>\n","protected":false},"excerpt":{"rendered":"<p>AenderdorfStart of the Zwergliloch TrailThe circular trail to Zwergliloch is a varied hike around Brienzwiler. Duration is approximately 1 hour. NOT SUITABLE FOR PEOPLE WITH MOBILITY IMPAIRMENTS AND SMALL CHILDRENBy Stagecoach over the Br\u00fcnigThe Br\u00fcnig Pass road has likely existed since the early Middle Ages. At that time, Brienzwiler was still known as \u201cWyler am Br\u00fcnig.\u201d The trade relationship between Central Switzerland and the Bernese Oberland is mentioned. Goods were initially transported by packhorses and later by stagecoach from Alpnach to Brienz, and from there by boat to Interlaken. &nbsp; Until the 19th century, the main thoroughfare, which came from Brienz and Hofstetten via \u201cSchloss,\u201d ran right through the village. Before the road ascended again towards the Br\u00fcnig, horses for the carriages were changed in the Aenderdorf. &nbsp; Consequently, until the construction of the newer Br\u00fcnig road, the post office was also located here. Some buildings that are still preserved today served at that time as stables, inns, or hotels.Pilgrims and Travelers \u2013 The Development of TourismIn the Middle Ages (at least until the Reformation), pilgrims also crossed the Br\u00fcnig. Even today, the pilgrim hostel in Brienzwiler is used as a stopover on the Camino de Santiago. One can only [&hellip;]<\/p>\n","protected":false},"author":1,"featured_media":1395,"template":"","meta":{"_et_pb_use_builder":"on","_et_pb_old_content":"","_et_gb_content_width":"","footnotes":""},"project_category":[],"project_tag":[],"class_list":["post-1534","project","type-project","status-publish","has-post-thumbnail","hentry"],"yoast_head":"<!-- This site is optimized with the Yoast SEO plugin v24.0 - https:\/\/yoast.com\/wordpress\/plugins\/seo\/ -->\n<title>A place steeped in history in Brienzwiler - \u00c4nderdorf<\/title>\n<meta name=\"description\" content=\"\u00c4nderdorf is the hub of the former Br\u00fcnigstrasse. Everything that wanted to make the journey over the pass used to come together here.\" \/>\n<meta name=\"robots\" content=\"index, follow, max-snippet:-1, max-image-preview:large, max-video-preview:-1\" \/>\n<link rel=\"canonical\" href=\"https:\/\/ferien-brienzwiler.ch\/en\/project\/aenderdorf\/\" \/>\n<meta property=\"og:locale\" content=\"en_US\" \/>\n<meta property=\"og:type\" content=\"article\" \/>\n<meta property=\"og:title\" content=\"A place steeped in history in Brienzwiler - \u00c4nderdorf\" \/>\n<meta property=\"og:description\" content=\"\u00c4nderdorf is the hub of the former Br\u00fcnigstrasse. Everything that wanted to make the journey over the pass used to come together here.\" \/>\n<meta property=\"og:url\" content=\"https:\/\/ferien-brienzwiler.ch\/en\/project\/aenderdorf\/\" \/>\n<meta property=\"og:site_name\" content=\"Brienzwiler Tourismus\" \/>\n<meta property=\"article:modified_time\" content=\"2025-04-30T07:52:31+00:00\" \/>\n<meta property=\"og:image\" content=\"https:\/\/ferien-brienzwiler.ch\/wp-content\/uploads\/2020\/09\/Brienzwiler_53-1.jpg\" \/>\n\t<meta property=\"og:image:width\" content=\"1500\" \/>\n\t<meta property=\"og:image:height\" content=\"1065\" \/>\n\t<meta property=\"og:image:type\" content=\"image\/jpeg\" \/>\n<meta name=\"twitter:card\" content=\"summary_large_image\" \/>\n<meta name=\"twitter:label1\" content=\"Est. reading time\" \/>\n\t<meta name=\"twitter:data1\" content=\"19 minutes\" \/>\n<script type=\"application\/ld+json\" class=\"yoast-schema-graph\">{\"@context\":\"https:\/\/schema.org\",\"@graph\":[{\"@type\":\"WebPage\",\"@id\":\"https:\/\/ferien-brienzwiler.ch\/en\/project\/aenderdorf\/\",\"url\":\"https:\/\/ferien-brienzwiler.ch\/en\/project\/aenderdorf\/\",\"name\":\"A place steeped in history in Brienzwiler - \u00c4nderdorf\",\"isPartOf\":{\"@id\":\"https:\/\/ferien-brienzwiler.ch\/en\/#website\"},\"primaryImageOfPage\":{\"@id\":\"https:\/\/ferien-brienzwiler.ch\/en\/project\/aenderdorf\/#primaryimage\"},\"image\":{\"@id\":\"https:\/\/ferien-brienzwiler.ch\/en\/project\/aenderdorf\/#primaryimage\"},\"thumbnailUrl\":\"https:\/\/ferien-brienzwiler.ch\/wp-content\/uploads\/2020\/09\/Brienzwiler_53-1.jpg\",\"datePublished\":\"2020-09-30T04:51:10+00:00\",\"dateModified\":\"2025-04-30T07:52:31+00:00\",\"description\":\"\u00c4nderdorf is the hub of the former Br\u00fcnigstrasse. Everything that wanted to make the journey over the pass used to come together here.\",\"breadcrumb\":{\"@id\":\"https:\/\/ferien-brienzwiler.ch\/en\/project\/aenderdorf\/#breadcrumb\"},\"inLanguage\":\"en-US\",\"potentialAction\":[{\"@type\":\"ReadAction\",\"target\":[\"https:\/\/ferien-brienzwiler.ch\/en\/project\/aenderdorf\/\"]}]},{\"@type\":\"ImageObject\",\"inLanguage\":\"en-US\",\"@id\":\"https:\/\/ferien-brienzwiler.ch\/en\/project\/aenderdorf\/#primaryimage\",\"url\":\"https:\/\/ferien-brienzwiler.ch\/wp-content\/uploads\/2020\/09\/Brienzwiler_53-1.jpg\",\"contentUrl\":\"https:\/\/ferien-brienzwiler.ch\/wp-content\/uploads\/2020\/09\/Brienzwiler_53-1.jpg\",\"width\":1500,\"height\":1065},{\"@type\":\"BreadcrumbList\",\"@id\":\"https:\/\/ferien-brienzwiler.ch\/en\/project\/aenderdorf\/#breadcrumb\",\"itemListElement\":[{\"@type\":\"ListItem\",\"position\":1,\"name\":\"Startseite\",\"item\":\"https:\/\/ferien-brienzwiler.ch\/en\/\"},{\"@type\":\"ListItem\",\"position\":2,\"name\":\"Projects\",\"item\":\"https:\/\/ferien-brienzwiler.ch\/en\/project\/\"},{\"@type\":\"ListItem\",\"position\":3,\"name\":\"\u00c4nderdorf\"}]},{\"@type\":\"WebSite\",\"@id\":\"https:\/\/ferien-brienzwiler.ch\/en\/#website\",\"url\":\"https:\/\/ferien-brienzwiler.ch\/en\/\",\"name\":\"Brienzwiler Tourismus\",\"description\":\"\",\"potentialAction\":[{\"@type\":\"SearchAction\",\"target\":{\"@type\":\"EntryPoint\",\"urlTemplate\":\"https:\/\/ferien-brienzwiler.ch\/en\/?s={search_term_string}\"},\"query-input\":{\"@type\":\"PropertyValueSpecification\",\"valueRequired\":true,\"valueName\":\"search_term_string\"}}],\"inLanguage\":\"en-US\"}]}<\/script>\n<!-- \/ Yoast SEO plugin. -->","yoast_head_json":{"title":"A place steeped in history in Brienzwiler - \u00c4nderdorf","description":"\u00c4nderdorf is the hub of the former Br\u00fcnigstrasse. Everything that wanted to make the journey over the pass used to come together here.","robots":{"index":"index","follow":"follow","max-snippet":"max-snippet:-1","max-image-preview":"max-image-preview:large","max-video-preview":"max-video-preview:-1"},"canonical":"https:\/\/ferien-brienzwiler.ch\/en\/project\/aenderdorf\/","og_locale":"en_US","og_type":"article","og_title":"A place steeped in history in Brienzwiler - \u00c4nderdorf","og_description":"\u00c4nderdorf is the hub of the former Br\u00fcnigstrasse. Everything that wanted to make the journey over the pass used to come together here.","og_url":"https:\/\/ferien-brienzwiler.ch\/en\/project\/aenderdorf\/","og_site_name":"Brienzwiler Tourismus","article_modified_time":"2025-04-30T07:52:31+00:00","og_image":[{"width":1500,"height":1065,"url":"https:\/\/ferien-brienzwiler.ch\/wp-content\/uploads\/2020\/09\/Brienzwiler_53-1.jpg","type":"image\/jpeg"}],"twitter_card":"summary_large_image","twitter_misc":{"Est. reading time":"19 minutes"},"schema":{"@context":"https:\/\/schema.org","@graph":[{"@type":"WebPage","@id":"https:\/\/ferien-brienzwiler.ch\/en\/project\/aenderdorf\/","url":"https:\/\/ferien-brienzwiler.ch\/en\/project\/aenderdorf\/","name":"A place steeped in history in Brienzwiler - \u00c4nderdorf","isPartOf":{"@id":"https:\/\/ferien-brienzwiler.ch\/en\/#website"},"primaryImageOfPage":{"@id":"https:\/\/ferien-brienzwiler.ch\/en\/project\/aenderdorf\/#primaryimage"},"image":{"@id":"https:\/\/ferien-brienzwiler.ch\/en\/project\/aenderdorf\/#primaryimage"},"thumbnailUrl":"https:\/\/ferien-brienzwiler.ch\/wp-content\/uploads\/2020\/09\/Brienzwiler_53-1.jpg","datePublished":"2020-09-30T04:51:10+00:00","dateModified":"2025-04-30T07:52:31+00:00","description":"\u00c4nderdorf is the hub of the former Br\u00fcnigstrasse. Everything that wanted to make the journey over the pass used to come together here.","breadcrumb":{"@id":"https:\/\/ferien-brienzwiler.ch\/en\/project\/aenderdorf\/#breadcrumb"},"inLanguage":"en-US","potentialAction":[{"@type":"ReadAction","target":["https:\/\/ferien-brienzwiler.ch\/en\/project\/aenderdorf\/"]}]},{"@type":"ImageObject","inLanguage":"en-US","@id":"https:\/\/ferien-brienzwiler.ch\/en\/project\/aenderdorf\/#primaryimage","url":"https:\/\/ferien-brienzwiler.ch\/wp-content\/uploads\/2020\/09\/Brienzwiler_53-1.jpg","contentUrl":"https:\/\/ferien-brienzwiler.ch\/wp-content\/uploads\/2020\/09\/Brienzwiler_53-1.jpg","width":1500,"height":1065},{"@type":"BreadcrumbList","@id":"https:\/\/ferien-brienzwiler.ch\/en\/project\/aenderdorf\/#breadcrumb","itemListElement":[{"@type":"ListItem","position":1,"name":"Startseite","item":"https:\/\/ferien-brienzwiler.ch\/en\/"},{"@type":"ListItem","position":2,"name":"Projects","item":"https:\/\/ferien-brienzwiler.ch\/en\/project\/"},{"@type":"ListItem","position":3,"name":"\u00c4nderdorf"}]},{"@type":"WebSite","@id":"https:\/\/ferien-brienzwiler.ch\/en\/#website","url":"https:\/\/ferien-brienzwiler.ch\/en\/","name":"Brienzwiler Tourismus","description":"","potentialAction":[{"@type":"SearchAction","target":{"@type":"EntryPoint","urlTemplate":"https:\/\/ferien-brienzwiler.ch\/en\/?s={search_term_string}"},"query-input":{"@type":"PropertyValueSpecification","valueRequired":true,"valueName":"search_term_string"}}],"inLanguage":"en-US"}]}},"_links":{"self":[{"href":"https:\/\/ferien-brienzwiler.ch\/en\/wp-json\/wp\/v2\/project\/1534","targetHints":{"allow":["GET"]}}],"collection":[{"href":"https:\/\/ferien-brienzwiler.ch\/en\/wp-json\/wp\/v2\/project"}],"about":[{"href":"https:\/\/ferien-brienzwiler.ch\/en\/wp-json\/wp\/v2\/types\/project"}],"author":[{"embeddable":true,"href":"https:\/\/ferien-brienzwiler.ch\/en\/wp-json\/wp\/v2\/users\/1"}],"version-history":[{"count":8,"href":"https:\/\/ferien-brienzwiler.ch\/en\/wp-json\/wp\/v2\/project\/1534\/revisions"}],"predecessor-version":[{"id":1645,"href":"https:\/\/ferien-brienzwiler.ch\/en\/wp-json\/wp\/v2\/project\/1534\/revisions\/1645"}],"wp:featuredmedia":[{"embeddable":true,"href":"https:\/\/ferien-brienzwiler.ch\/en\/wp-json\/wp\/v2\/media\/1395"}],"wp:attachment":[{"href":"https:\/\/ferien-brienzwiler.ch\/en\/wp-json\/wp\/v2\/media?parent=1534"}],"wp:term":[{"taxonomy":"project_category","embeddable":true,"href":"https:\/\/ferien-brienzwiler.ch\/en\/wp-json\/wp\/v2\/project_category?post=1534"},{"taxonomy":"project_tag","embeddable":true,"href":"https:\/\/ferien-brienzwiler.ch\/en\/wp-json\/wp\/v2\/project_tag?post=1534"}],"curies":[{"name":"wp","href":"https:\/\/api.w.org\/{rel}","templated":true}]}}